{"id":3046,"date":"2023-03-23T13:45:58","date_gmt":"2023-03-23T12:45:58","guid":{"rendered":"http:\/\/piqueniquedeschefs.fr\/?page_id=3046"},"modified":"2025-05-07T10:16:54","modified_gmt":"2025-05-07T08:16:54","slug":"programme-cooking-2023","status":"publish","type":"page","link":"https:\/\/piqueniquedeschefs.fr\/index.php\/programme-cooking-2023\/","title":{"rendered":"Cooking 2023"},"content":{"rendered":"\n<div style=\"height:100px\" aria-hidden=\"true\" class=\"wp-block-spacer\"><\/div>\n\n\n\n<h2 class=\"wp-block-heading\" style=\"text-transform:uppercase\">La Programmation Cooking 2023\ud83c\udf74<\/h2>\n\n\n\n<p>Petit ou grand, en famille, entre amis ou m\u00eame seul(e), participez \u00e0 des ateliers culinaires ainsi que des masterclass en plein air ! L\u2019occasion d\u2019en apprendre un peu plus sur les savoir-faire de nos chefs mais \u00e9galement de nourrir votre culture culinaire dans la convivialit\u00e9 !<\/p>\n\n\n\n<div class=\"wp-block-columns is-layout-flex wp-container-core-columns-is-layout-9d6595d7 wp-block-columns-is-layout-flex\">\n<div class=\"wp-block-column is-layout-flow wp-block-column-is-layout-flow\" style=\"flex-basis:33.33%\">\n<figure class=\"wp-block-gallery aligncenter has-nested-images columns-default is-cropped wp-block-gallery-1 is-layout-flex wp-block-gallery-is-layout-flex\">\n<figure class=\"wp-block-image size-large\"><img loading=\"lazy\" decoding=\"async\" width=\"723\" height=\"1024\" data-id=\"3229\" src=\"https:\/\/piqueniquedeschefs.fr\/wp-content\/uploads\/2023\/04\/christophe-durand-723x1024.png\" alt=\"\" class=\"wp-image-3229\" srcset=\"https:\/\/piqueniquedeschefs.fr\/wp-content\/uploads\/2023\/04\/christophe-durand-723x1024.png 723w, https:\/\/piqueniquedeschefs.fr\/wp-content\/uploads\/2023\/04\/christophe-durand-212x300.png 212w, https:\/\/piqueniquedeschefs.fr\/wp-content\/uploads\/2023\/04\/christophe-durand-768x1088.png 768w, https:\/\/piqueniquedeschefs.fr\/wp-content\/uploads\/2023\/04\/christophe-durand.png 875w\" sizes=\"auto, (max-width: 723px) 100vw, 723px\" \/><figcaption class=\"wp-element-caption\"><mark style=\"background-color:rgba(0, 0, 0, 0)\" class=\"has-inline-color has-white-color\">Christophe DURAND <\/mark><\/figcaption><\/figure>\n<\/figure>\n<\/div>\n\n\n\n<div class=\"wp-block-column is-vertically-aligned-center is-layout-flow wp-block-column-is-layout-flow\" style=\"flex-basis:66.66%\">\n<p><strong>11h30 &#8211; 12h00 :<\/strong> <em>MASTERCLASS<\/em> &#8211; Tataki de thon, aneth et coriandre<\/p>\n\n\n\n<p>\ud83d\udc68\ud83c\udffb\u200d\ud83c\udf73 Christophe DURAND<\/p>\n\n\n\n<p>\u23f1 <strong>Dur\u00e9e<\/strong> <strong>:<\/strong> 30min<\/p>\n\n\n\n<p>\ud83d\udc6b <strong>Nombre de places<\/strong> <strong>:<\/strong> illimit\u00e9<\/p>\n\n\n\n<p><strong>Description : <\/strong><\/p>\n\n\n\n<p>Le chef du restaurant l&rsquo;O2 \u00e0 la bastille, vous apprendra les techniques pour r\u00e9aliser un tataki de thon parfait !<\/p>\n\n\n\n<p><strong>Inscription : <\/strong>pas d&rsquo;inscription (gratuit \/ acc\u00e8s libre)<\/p>\n<\/div>\n<\/div>\n\n\n\n<hr class=\"wp-block-separator has-text-color has-luminous-vivid-amber-color has-css-opacity has-luminous-vivid-amber-background-color has-background is-style-wide\"\/>\n\n\n\n<div class=\"wp-block-columns is-layout-flex wp-container-core-columns-is-layout-9d6595d7 wp-block-columns-is-layout-flex\">\n<div class=\"wp-block-column is-layout-flow wp-block-column-is-layout-flow\" style=\"flex-basis:33.33%\">\n<figure class=\"wp-block-gallery aligncenter has-nested-images columns-default is-cropped wp-block-gallery-2 is-layout-flex wp-block-gallery-is-layout-flex\">\n<figure class=\"wp-block-image size-large\"><img loading=\"lazy\" decoding=\"async\" width=\"723\" height=\"1024\" data-id=\"3437\" src=\"https:\/\/piqueniquedeschefs.fr\/wp-content\/uploads\/2023\/06\/jean-charles-pouzeratte-723x1024.jpg\" alt=\"\" class=\"wp-image-3437\" srcset=\"https:\/\/piqueniquedeschefs.fr\/wp-content\/uploads\/2023\/06\/jean-charles-pouzeratte-723x1024.jpg 723w, https:\/\/piqueniquedeschefs.fr\/wp-content\/uploads\/2023\/06\/jean-charles-pouzeratte-212x300.jpg 212w, https:\/\/piqueniquedeschefs.fr\/wp-content\/uploads\/2023\/06\/jean-charles-pouzeratte-768x1088.jpg 768w, https:\/\/piqueniquedeschefs.fr\/wp-content\/uploads\/2023\/06\/jean-charles-pouzeratte.jpg 875w\" sizes=\"auto, (max-width: 723px) 100vw, 723px\" \/><\/figure>\n<\/figure>\n<\/div>\n\n\n\n<div class=\"wp-block-column is-vertically-aligned-center is-layout-flow wp-block-column-is-layout-flow\" style=\"flex-basis:66.66%\">\n<p><strong>12h15 &#8211; 13h15 :<\/strong> <em>INTERVENTION<\/em> &#8211; Comment d\u00e9guster et servir un vin<\/p>\n\n\n\n<p>\ud83d\udc68\ud83c\udffb\u200d\ud83c\udf73 Jean Charles Pouzeratte, sommelier \u00e0 l\u2019h\u00f4tel restaurant Chavant \u2013 Ma\u00eetre Restaurateur<\/p>\n\n\n\n<p>\u23f1 <strong>Dur\u00e9e<\/strong> <strong>:<\/strong> 60min<\/p>\n\n\n\n<p>\ud83d\udc6b <strong>Nombre de places<\/strong> <strong>:<\/strong> 30 personnes maximum<\/p>\n\n\n\n<p><strong>Description : <\/strong><\/p>\n\n\n\n<p>Jean Charles, sommelier, expert et passionn\u00e9 en la mati\u00e8re, vous expliquera comment servir et d\u00e9guster du vin<\/p>\n\n\n\n<p><strong>Inscription :<\/strong> sur place \u00e0 l&rsquo;accueil (gratuit)<\/p>\n<\/div>\n<\/div>\n\n\n\n<p>\u2139\ufe0f <em>Le titre de Ma\u00eetre restaurateur est d\u00e9cern\u00e9 par l&rsquo;\u00e9tat pour 4 ans. Il r\u00e9compense les savoir \u2013 faire du professionnel tant en cuisine qu&rsquo;en salle. Les Ma\u00eetres Restaurateurs valorisent les circuits courts, une cuisine faite maison \u00e0 base de produits frais, assurent un accueil et un service de qualit\u00e9 \u00e0 leur client\u00e8le.<\/em><\/p>\n\n\n\n<hr class=\"wp-block-separator has-text-color has-luminous-vivid-amber-color has-css-opacity has-luminous-vivid-amber-background-color has-background is-style-wide\"\/>\n\n\n\n<div class=\"wp-block-columns is-layout-flex wp-container-core-columns-is-layout-9d6595d7 wp-block-columns-is-layout-flex\">\n<div class=\"wp-block-column is-layout-flow wp-block-column-is-layout-flow\" style=\"flex-basis:33.33%\">\n<figure class=\"wp-block-gallery aligncenter has-nested-images columns-default is-cropped wp-block-gallery-3 is-layout-flex wp-block-gallery-is-layout-flex\">\n<figure class=\"wp-block-image size-large\"><img loading=\"lazy\" decoding=\"async\" width=\"723\" height=\"1024\" data-id=\"3401\" src=\"https:\/\/piqueniquedeschefs.fr\/wp-content\/uploads\/2023\/05\/natacha-bazoge-723x1024.jpg\" alt=\"\" class=\"wp-image-3401\" srcset=\"https:\/\/piqueniquedeschefs.fr\/wp-content\/uploads\/2023\/05\/natacha-bazoge-723x1024.jpg 723w, https:\/\/piqueniquedeschefs.fr\/wp-content\/uploads\/2023\/05\/natacha-bazoge-212x300.jpg 212w, https:\/\/piqueniquedeschefs.fr\/wp-content\/uploads\/2023\/05\/natacha-bazoge-768x1088.jpg 768w, https:\/\/piqueniquedeschefs.fr\/wp-content\/uploads\/2023\/05\/natacha-bazoge.jpg 875w\" sizes=\"auto, (max-width: 723px) 100vw, 723px\" \/><figcaption class=\"wp-element-caption\">Natacha BAZOGE<\/figcaption><\/figure>\n<\/figure>\n<\/div>\n\n\n\n<div class=\"wp-block-column is-vertically-aligned-center is-layout-flow wp-block-column-is-layout-flow\" style=\"flex-basis:66.66%\">\n<p><strong>13h30 &#8211; 14h15 :<\/strong> <em>ATELIER PARENTS\/ENFANTS<\/em> &#8211; Feta v\u00e9g\u00e9tale au zaatar<\/p>\n\n\n\n<p>\ud83d\udc68\ud83c\udffb\u200d\ud83c\udf73 Natacha BAZOGE<\/p>\n\n\n\n<p>\u23f1 <strong>Dur\u00e9e<\/strong> <strong>:<\/strong> 45min<\/p>\n\n\n\n<p>\ud83d\udc6b <strong>Nombre de places<\/strong> <strong>:<\/strong> 8 bin\u00f4mes (enfants accompagn\u00e9s \u00e0 partir de 4 ans)<\/p>\n\n\n\n<p><strong>Description : <\/strong><\/p>\n\n\n\n<p>L&rsquo;une des deux cheffes de \u00ab\u00a0L&rsquo;Aiguillage\u00a0\u00bb vous guidera dans la confection d&rsquo;une f\u00e9ta v\u00e9g\u00e9tale au zaatar au travers d&rsquo;un atelier culinaire !<\/p>\n\n\n\n<p><strong>Inscription : <\/strong>sur place \u00e0 l&rsquo;accueil (payant : 15\u20ac le bin\u00f4me et 5\u20ac la<br>personne suppl\u00e9mentaire.)<\/p>\n<\/div>\n<\/div>\n\n\n\n<hr class=\"wp-block-separator has-text-color has-luminous-vivid-amber-color has-css-opacity has-luminous-vivid-amber-background-color has-background is-style-wide\"\/>\n\n\n\n<div class=\"wp-block-columns is-layout-flex wp-container-core-columns-is-layout-9d6595d7 wp-block-columns-is-layout-flex\">\n<div class=\"wp-block-column is-layout-flow wp-block-column-is-layout-flow\" style=\"flex-basis:33.33%\">\n<figure class=\"wp-block-gallery aligncenter has-nested-images columns-default is-cropped wp-block-gallery-4 is-layout-flex wp-block-gallery-is-layout-flex\">\n<figure class=\"wp-block-image size-large\"><img loading=\"lazy\" decoding=\"async\" width=\"723\" height=\"1024\" data-id=\"3233\" src=\"https:\/\/piqueniquedeschefs.fr\/wp-content\/uploads\/2023\/04\/sylvain-genevois-723x1024.png\" alt=\"\" class=\"wp-image-3233\" srcset=\"https:\/\/piqueniquedeschefs.fr\/wp-content\/uploads\/2023\/04\/sylvain-genevois-723x1024.png 723w, https:\/\/piqueniquedeschefs.fr\/wp-content\/uploads\/2023\/04\/sylvain-genevois-212x300.png 212w, https:\/\/piqueniquedeschefs.fr\/wp-content\/uploads\/2023\/04\/sylvain-genevois-768x1088.png 768w, https:\/\/piqueniquedeschefs.fr\/wp-content\/uploads\/2023\/04\/sylvain-genevois.png 875w\" sizes=\"auto, (max-width: 723px) 100vw, 723px\" \/><figcaption class=\"wp-element-caption\"><mark style=\"background-color:rgba(0, 0, 0, 0)\" class=\"has-inline-color has-white-color\">Sylvain GENEVOIS<\/mark><\/figcaption><\/figure>\n<\/figure>\n<\/div>\n\n\n\n<div class=\"wp-block-column is-vertically-aligned-center is-layout-flow wp-block-column-is-layout-flow\" style=\"flex-basis:66.66%\">\n<p><strong>14h30 &#8211; 15h15 :<\/strong> <em>ATELIER PARENTS\/ENFANTS<\/em> &#8211; Le crumble de fraises aux brisures de cookie<\/p>\n\n\n\n<p>\ud83d\udc68\ud83c\udffb\u200d\ud83c\udf73 Sylvain GENEVOIS<\/p>\n\n\n\n<p>\u23f1 <strong>Dur\u00e9e<\/strong> <strong>:<\/strong> 45min<\/p>\n\n\n\n<p>\ud83d\udc6b <strong>Nombre de places<\/strong> <strong>:<\/strong> 8 bin\u00f4mes (enfants accompagn\u00e9s \u00e0 partir de 4 ans)<\/p>\n\n\n\n<p><strong>Description : <\/strong><\/p>\n\n\n\n<p>Au menu de cet atelier : un crumble de fraise parsem\u00e9 de brisures de cookie chocolat noisette pour vous r\u00e9galer !<\/p>\n\n\n\n<p><strong>Inscription : <\/strong>sur place \u00e0 l&rsquo;accueil (payant : 15\u20ac le bin\u00f4me et 5\u20ac la<br>personne suppl\u00e9mentaire.)<\/p>\n<\/div>\n<\/div>\n\n\n\n<hr class=\"wp-block-separator has-text-color has-luminous-vivid-amber-color has-css-opacity has-luminous-vivid-amber-background-color has-background is-style-wide\"\/>\n\n\n\n<div class=\"wp-block-columns is-layout-flex wp-container-core-columns-is-layout-9d6595d7 wp-block-columns-is-layout-flex\">\n<div class=\"wp-block-column is-layout-flow wp-block-column-is-layout-flow\" style=\"flex-basis:33.33%\">\n<figure class=\"wp-block-gallery aligncenter has-nested-images columns-default is-cropped wp-block-gallery-5 is-layout-flex wp-block-gallery-is-layout-flex\">\n<figure class=\"wp-block-image size-large\"><img loading=\"lazy\" decoding=\"async\" width=\"723\" height=\"1024\" data-id=\"3238\" src=\"https:\/\/piqueniquedeschefs.fr\/wp-content\/uploads\/2023\/04\/christine-jeantet-723x1024.png\" alt=\"\" class=\"wp-image-3238\" srcset=\"https:\/\/piqueniquedeschefs.fr\/wp-content\/uploads\/2023\/04\/christine-jeantet-723x1024.png 723w, https:\/\/piqueniquedeschefs.fr\/wp-content\/uploads\/2023\/04\/christine-jeantet-212x300.png 212w, https:\/\/piqueniquedeschefs.fr\/wp-content\/uploads\/2023\/04\/christine-jeantet-768x1088.png 768w, https:\/\/piqueniquedeschefs.fr\/wp-content\/uploads\/2023\/04\/christine-jeantet.png 875w\" sizes=\"auto, (max-width: 723px) 100vw, 723px\" \/><figcaption class=\"wp-element-caption\"><mark style=\"background-color:rgba(0, 0, 0, 0)\" class=\"has-inline-color has-white-color\">Christine JEANTET <\/mark><\/figcaption><\/figure>\n<\/figure>\n<\/div>\n\n\n\n<div class=\"wp-block-column is-vertically-aligned-center is-layout-flow wp-block-column-is-layout-flow\" style=\"flex-basis:66.66%\">\n<p><strong>15h30 &#8211; 16h00 :<\/strong> <em>MASTERCLASS<\/em> &#8211; Dessert glac\u00e9 sans sorbeti\u00e8re\u202f: nougat glac\u00e9 is\u00e9rois<\/p>\n\n\n\n<p>\ud83d\udc68\ud83c\udffb\u200d\ud83c\udf73 Christine JEANTET<\/p>\n\n\n\n<p>\u23f1 <strong>Dur\u00e9e<\/strong> <strong>:<\/strong> 30min<\/p>\n\n\n\n<p>\ud83d\udc6b <strong>Nombre de places<\/strong> <strong>:<\/strong> illimit\u00e9<\/p>\n\n\n\n<p><strong>Description : <\/strong><\/p>\n\n\n\n<p>Christine vous expliquera comment pr\u00e9parer un dessert glac\u00e9 au nougat sans sorbeti\u00e8res.<\/p>\n\n\n\n<p><strong>Inscription : <\/strong>pas d&rsquo;inscription (gratuit \/ acc\u00e8s libre)<\/p>\n<\/div>\n<\/div>\n\n\n\n<hr class=\"wp-block-separator has-text-color has-luminous-vivid-amber-color has-css-opacity has-luminous-vivid-amber-background-color has-background is-style-wide\"\/>\n\n\n\n<div class=\"wp-block-columns is-layout-flex wp-container-core-columns-is-layout-9d6595d7 wp-block-columns-is-layout-flex\">\n<div class=\"wp-block-column is-layout-flow wp-block-column-is-layout-flow\" style=\"flex-basis:33.33%\">\n<figure class=\"wp-block-gallery aligncenter has-nested-images columns-default is-cropped wp-block-gallery-6 is-layout-flex wp-block-gallery-is-layout-flex\">\n<figure class=\"wp-block-image size-large\"><img loading=\"lazy\" decoding=\"async\" width=\"723\" height=\"1024\" data-id=\"3221\" src=\"https:\/\/piqueniquedeschefs.fr\/wp-content\/uploads\/2023\/04\/valentina-bres-723x1024.png\" alt=\"\" class=\"wp-image-3221\" srcset=\"https:\/\/piqueniquedeschefs.fr\/wp-content\/uploads\/2023\/04\/valentina-bres-723x1024.png 723w, https:\/\/piqueniquedeschefs.fr\/wp-content\/uploads\/2023\/04\/valentina-bres-212x300.png 212w, https:\/\/piqueniquedeschefs.fr\/wp-content\/uploads\/2023\/04\/valentina-bres-768x1088.png 768w, https:\/\/piqueniquedeschefs.fr\/wp-content\/uploads\/2023\/04\/valentina-bres.png 875w\" sizes=\"auto, (max-width: 723px) 100vw, 723px\" \/><figcaption class=\"wp-element-caption\"><mark style=\"background-color:rgba(0, 0, 0, 0)\" class=\"has-inline-color has-white-color\">Valentina BRES <\/mark><\/figcaption><\/figure>\n<\/figure>\n<\/div>\n\n\n\n<div class=\"wp-block-column is-vertically-aligned-center is-layout-flow wp-block-column-is-layout-flow\" style=\"flex-basis:66.66%\">\n<p><strong>16h15 &#8211; 16h45 :<\/strong> <em>ATELIER PARENTS\/ENFANTS<\/em> &#8211; Atelier d\u00e9coration de sabl\u00e9s maisons<\/p>\n\n\n\n<p>\ud83d\udc68\ud83c\udffb\u200d\ud83c\udf73 Valentina BRES<\/p>\n\n\n\n<p>\u23f1 <strong>Dur\u00e9e<\/strong> <strong>:<\/strong> 30min<\/p>\n\n\n\n<p>\ud83d\udc6b <strong>Nombre de places<\/strong> <strong>:<\/strong> 8 bin\u00f4mes (enfants accompagn\u00e9s \u00e0 partir de 4 ans)<\/p>\n\n\n\n<p><strong>Description : <\/strong><\/p>\n\n\n\n<p>Dans cet atelier vous apprendrez \u00e0 d\u00e9corer 4 sabl\u00e9s avec de la p\u00e2te \u00e0 sucre !<\/p>\n\n\n\n<p><strong>Inscription : <\/strong>sur place \u00e0 l&rsquo;accueil (payant : 15\u20ac le bin\u00f4me et 5\u20ac la<br>personne suppl\u00e9mentaire.)<\/p>\n<\/div>\n<\/div>\n","protected":false},"excerpt":{"rendered":"<p>La Programmation Cooking 2023\ud83c\udf74 Petit ou grand, en famille, entre amis ou m\u00eame seul(e), participez \u00e0 des ateliers culinaires ainsi que des masterclass en plein&hellip;<\/p>\n","protected":false},"author":1,"featured_media":0,"parent":0,"menu_order":0,"comment_status":"closed","ping_status":"closed","template":"","meta":{"footnotes":""},"class_list":["post-3046","page","type-page","status-publish","hentry"],"yoast_head":"<!-- This site is optimized with the Yoast SEO plugin v26.7 - https:\/\/yoast.com\/wordpress\/plugins\/seo\/ -->\n<title>Cooking 2023 - Grand Pique-Nique des Chefs<\/title>\n<meta name=\"robots\" content=\"index, follow, max-snippet:-1, max-image-preview:large, max-video-preview:-1\" \/>\n<link rel=\"canonical\" href=\"https:\/\/piqueniquedeschefs.fr\/index.php\/programme-cooking-2023\/\" \/>\n<meta property=\"og:locale\" content=\"fr_FR\" \/>\n<meta property=\"og:type\" content=\"article\" \/>\n<meta property=\"og:title\" content=\"Cooking 2023 - Grand Pique-Nique des Chefs\" \/>\n<meta property=\"og:description\" content=\"La Programmation Cooking 2023\ud83c\udf74 Petit ou grand, en famille, entre amis ou m\u00eame seul(e), participez \u00e0 des ateliers culinaires ainsi que des masterclass en plein&hellip;\" \/>\n<meta property=\"og:url\" content=\"https:\/\/piqueniquedeschefs.fr\/index.php\/programme-cooking-2023\/\" \/>\n<meta property=\"og:site_name\" content=\"Grand Pique-Nique des Chefs\" \/>\n<meta property=\"article:modified_time\" content=\"2025-05-07T08:16:54+00:00\" \/>\n<meta property=\"og:image\" content=\"http:\/\/piqueniquedeschefs.fr\/wp-content\/uploads\/2023\/04\/christophe-durand-723x1024.png\" \/>\n<meta name=\"twitter:card\" content=\"summary_large_image\" \/>\n<meta name=\"twitter:label1\" content=\"Dur\u00e9e de lecture estim\u00e9e\" \/>\n\t<meta name=\"twitter:data1\" content=\"1 minute\" \/>\n<script type=\"application\/ld+json\" class=\"yoast-schema-graph\">{\"@context\":\"https:\/\/schema.org\",\"@graph\":[{\"@type\":\"WebPage\",\"@id\":\"https:\/\/piqueniquedeschefs.fr\/index.php\/programme-cooking-2023\/\",\"url\":\"https:\/\/piqueniquedeschefs.fr\/index.php\/programme-cooking-2023\/\",\"name\":\"Cooking 2023 - Grand Pique-Nique des Chefs\",\"isPartOf\":{\"@id\":\"https:\/\/piqueniquedeschefs.fr\/#website\"},\"primaryImageOfPage\":{\"@id\":\"https:\/\/piqueniquedeschefs.fr\/index.php\/programme-cooking-2023\/#primaryimage\"},\"image\":{\"@id\":\"https:\/\/piqueniquedeschefs.fr\/index.php\/programme-cooking-2023\/#primaryimage\"},\"thumbnailUrl\":\"http:\/\/piqueniquedeschefs.fr\/wp-content\/uploads\/2023\/04\/christophe-durand-723x1024.png\",\"datePublished\":\"2023-03-23T12:45:58+00:00\",\"dateModified\":\"2025-05-07T08:16:54+00:00\",\"breadcrumb\":{\"@id\":\"https:\/\/piqueniquedeschefs.fr\/index.php\/programme-cooking-2023\/#breadcrumb\"},\"inLanguage\":\"fr-FR\",\"potentialAction\":[{\"@type\":\"ReadAction\",\"target\":[\"https:\/\/piqueniquedeschefs.fr\/index.php\/programme-cooking-2023\/\"]}]},{\"@type\":\"ImageObject\",\"inLanguage\":\"fr-FR\",\"@id\":\"https:\/\/piqueniquedeschefs.fr\/index.php\/programme-cooking-2023\/#primaryimage\",\"url\":\"https:\/\/piqueniquedeschefs.fr\/wp-content\/uploads\/2023\/04\/christophe-durand.png\",\"contentUrl\":\"https:\/\/piqueniquedeschefs.fr\/wp-content\/uploads\/2023\/04\/christophe-durand.png\",\"width\":875,\"height\":1240},{\"@type\":\"BreadcrumbList\",\"@id\":\"https:\/\/piqueniquedeschefs.fr\/index.php\/programme-cooking-2023\/#breadcrumb\",\"itemListElement\":[{\"@type\":\"ListItem\",\"position\":1,\"name\":\"Accueil\",\"item\":\"https:\/\/piqueniquedeschefs.fr\/\"},{\"@type\":\"ListItem\",\"position\":2,\"name\":\"Cooking 2023\"}]},{\"@type\":\"WebSite\",\"@id\":\"https:\/\/piqueniquedeschefs.fr\/#website\",\"url\":\"https:\/\/piqueniquedeschefs.fr\/\",\"name\":\"Grand Pique-Nique des Chefs\",\"description\":\"Ev\u00e9nement culinaire\",\"publisher\":{\"@id\":\"https:\/\/piqueniquedeschefs.fr\/#organization\"},\"potentialAction\":[{\"@type\":\"SearchAction\",\"target\":{\"@type\":\"EntryPoint\",\"urlTemplate\":\"https:\/\/piqueniquedeschefs.fr\/?s={search_term_string}\"},\"query-input\":{\"@type\":\"PropertyValueSpecification\",\"valueRequired\":true,\"valueName\":\"search_term_string\"}}],\"inLanguage\":\"fr-FR\"},{\"@type\":\"Organization\",\"@id\":\"https:\/\/piqueniquedeschefs.fr\/#organization\",\"name\":\"Grand Pique-Nique des Chefs\",\"url\":\"https:\/\/piqueniquedeschefs.fr\/\",\"logo\":{\"@type\":\"ImageObject\",\"inLanguage\":\"fr-FR\",\"@id\":\"https:\/\/piqueniquedeschefs.fr\/#\/schema\/logo\/image\/\",\"url\":\"https:\/\/piqueniquedeschefs.fr\/wp-content\/uploads\/2020\/02\/cropped-logo-gpnc-2020.jpg\",\"contentUrl\":\"https:\/\/piqueniquedeschefs.fr\/wp-content\/uploads\/2020\/02\/cropped-logo-gpnc-2020.jpg\",\"width\":218,\"height\":136,\"caption\":\"Grand Pique-Nique des Chefs\"},\"image\":{\"@id\":\"https:\/\/piqueniquedeschefs.fr\/#\/schema\/logo\/image\/\"}}]}<\/script>\n<!-- \/ Yoast SEO plugin. -->","yoast_head_json":{"title":"Cooking 2023 - Grand Pique-Nique des Chefs","robots":{"index":"index","follow":"follow","max-snippet":"max-snippet:-1","max-image-preview":"max-image-preview:large","max-video-preview":"max-video-preview:-1"},"canonical":"https:\/\/piqueniquedeschefs.fr\/index.php\/programme-cooking-2023\/","og_locale":"fr_FR","og_type":"article","og_title":"Cooking 2023 - Grand Pique-Nique des Chefs","og_description":"La Programmation Cooking 2023\ud83c\udf74 Petit ou grand, en famille, entre amis ou m\u00eame seul(e), participez \u00e0 des ateliers culinaires ainsi que des masterclass en plein&hellip;","og_url":"https:\/\/piqueniquedeschefs.fr\/index.php\/programme-cooking-2023\/","og_site_name":"Grand Pique-Nique des Chefs","article_modified_time":"2025-05-07T08:16:54+00:00","og_image":[{"url":"http:\/\/piqueniquedeschefs.fr\/wp-content\/uploads\/2023\/04\/christophe-durand-723x1024.png","type":"","width":"","height":""}],"twitter_card":"summary_large_image","twitter_misc":{"Dur\u00e9e de lecture estim\u00e9e":"1 minute"},"schema":{"@context":"https:\/\/schema.org","@graph":[{"@type":"WebPage","@id":"https:\/\/piqueniquedeschefs.fr\/index.php\/programme-cooking-2023\/","url":"https:\/\/piqueniquedeschefs.fr\/index.php\/programme-cooking-2023\/","name":"Cooking 2023 - Grand Pique-Nique des Chefs","isPartOf":{"@id":"https:\/\/piqueniquedeschefs.fr\/#website"},"primaryImageOfPage":{"@id":"https:\/\/piqueniquedeschefs.fr\/index.php\/programme-cooking-2023\/#primaryimage"},"image":{"@id":"https:\/\/piqueniquedeschefs.fr\/index.php\/programme-cooking-2023\/#primaryimage"},"thumbnailUrl":"http:\/\/piqueniquedeschefs.fr\/wp-content\/uploads\/2023\/04\/christophe-durand-723x1024.png","datePublished":"2023-03-23T12:45:58+00:00","dateModified":"2025-05-07T08:16:54+00:00","breadcrumb":{"@id":"https:\/\/piqueniquedeschefs.fr\/index.php\/programme-cooking-2023\/#breadcrumb"},"inLanguage":"fr-FR","potentialAction":[{"@type":"ReadAction","target":["https:\/\/piqueniquedeschefs.fr\/index.php\/programme-cooking-2023\/"]}]},{"@type":"ImageObject","inLanguage":"fr-FR","@id":"https:\/\/piqueniquedeschefs.fr\/index.php\/programme-cooking-2023\/#primaryimage","url":"https:\/\/piqueniquedeschefs.fr\/wp-content\/uploads\/2023\/04\/christophe-durand.png","contentUrl":"https:\/\/piqueniquedeschefs.fr\/wp-content\/uploads\/2023\/04\/christophe-durand.png","width":875,"height":1240},{"@type":"BreadcrumbList","@id":"https:\/\/piqueniquedeschefs.fr\/index.php\/programme-cooking-2023\/#breadcrumb","itemListElement":[{"@type":"ListItem","position":1,"name":"Accueil","item":"https:\/\/piqueniquedeschefs.fr\/"},{"@type":"ListItem","position":2,"name":"Cooking 2023"}]},{"@type":"WebSite","@id":"https:\/\/piqueniquedeschefs.fr\/#website","url":"https:\/\/piqueniquedeschefs.fr\/","name":"Grand Pique-Nique des Chefs","description":"Ev\u00e9nement culinaire","publisher":{"@id":"https:\/\/piqueniquedeschefs.fr\/#organization"},"potentialAction":[{"@type":"SearchAction","target":{"@type":"EntryPoint","urlTemplate":"https:\/\/piqueniquedeschefs.fr\/?s={search_term_string}"},"query-input":{"@type":"PropertyValueSpecification","valueRequired":true,"valueName":"search_term_string"}}],"inLanguage":"fr-FR"},{"@type":"Organization","@id":"https:\/\/piqueniquedeschefs.fr\/#organization","name":"Grand Pique-Nique des Chefs","url":"https:\/\/piqueniquedeschefs.fr\/","logo":{"@type":"ImageObject","inLanguage":"fr-FR","@id":"https:\/\/piqueniquedeschefs.fr\/#\/schema\/logo\/image\/","url":"https:\/\/piqueniquedeschefs.fr\/wp-content\/uploads\/2020\/02\/cropped-logo-gpnc-2020.jpg","contentUrl":"https:\/\/piqueniquedeschefs.fr\/wp-content\/uploads\/2020\/02\/cropped-logo-gpnc-2020.jpg","width":218,"height":136,"caption":"Grand Pique-Nique des Chefs"},"image":{"@id":"https:\/\/piqueniquedeschefs.fr\/#\/schema\/logo\/image\/"}}]}},"_links":{"self":[{"href":"https:\/\/piqueniquedeschefs.fr\/index.php\/wp-json\/wp\/v2\/pages\/3046","targetHints":{"allow":["GET"]}}],"collection":[{"href":"https:\/\/piqueniquedeschefs.fr\/index.php\/wp-json\/wp\/v2\/pages"}],"about":[{"href":"https:\/\/piqueniquedeschefs.fr\/index.php\/wp-json\/wp\/v2\/types\/page"}],"author":[{"embeddable":true,"href":"https:\/\/piqueniquedeschefs.fr\/index.php\/wp-json\/wp\/v2\/users\/1"}],"replies":[{"embeddable":true,"href":"https:\/\/piqueniquedeschefs.fr\/index.php\/wp-json\/wp\/v2\/comments?post=3046"}],"version-history":[{"count":18,"href":"https:\/\/piqueniquedeschefs.fr\/index.php\/wp-json\/wp\/v2\/pages\/3046\/revisions"}],"predecessor-version":[{"id":3443,"href":"https:\/\/piqueniquedeschefs.fr\/index.php\/wp-json\/wp\/v2\/pages\/3046\/revisions\/3443"}],"wp:attachment":[{"href":"https:\/\/piqueniquedeschefs.fr\/index.php\/wp-json\/wp\/v2\/media?parent=3046"}],"curies":[{"name":"wp","href":"https:\/\/api.w.org\/{rel}","templated":true}]}}